{"id":4385,"date":"2023-12-06T14:33:55","date_gmt":"2023-12-06T07:33:55","guid":{"rendered":"https:\/\/ambhanoi.esteri.it\/?page_id=4385"},"modified":"2023-12-06T14:39:51","modified_gmt":"2023-12-06T07:39:51","slug":"tieu-su","status":"publish","type":"page","link":"https:\/\/ambhanoi.esteri.it\/vi\/chi-siamo\/lambasciatore\/tieu-su\/","title":{"rendered":"Ti\u1ec3u s\u1eed"},"content":{"rendered":"<div>\n<p><strong>Marco Della Seta<\/strong><\/p>\n<p>\u0110\u1ea1i s\u1ee9 \u00d4ng sinh ng\u00e0y 6 th\u00e1ng 6 n\u0103m 1962 t\u1ea1i Milan.<\/p>\n<p>\u00d4ng h\u1ecdc chuy\u00ean ng\u00e0nh Quan h\u1ec7 Qu\u1ed1c t\u1ebf t\u1ea1i H\u1ecdc vi\u1ec7n Ch\u00ednh tr\u1ecb Paris ( The Institue d\u2019estudes politiques de Paris) v\u00e0 chuy\u00ean ng\u00e0nh Khoa h\u1ecdc Ch\u00ednh tr\u1ecb t\u1ea1i \u0110\u1ea1i h\u1ecdc Pavia.<\/p>\n<p>\u00d4ng b\u1eaft \u0111\u1ea7u l\u00e0m vi\u1ec7c t\u1ea1i B\u1ed9 ngo\u1ea1i giao Italia v\u00e0o n\u0103m 1989, sau m\u1ed9t th\u1eddi gian l\u00e0m vi\u1ec7c t\u1ea1i B\u1ed9, \u00f4ng \u0111\u01b0\u1ee3c c\u1eed \u0111i nhi\u1ec7m k\u00ec l\u00e0m vi\u1ec7c t\u1ea1i \u0110\u1ea1i s\u1ee9 qu\u00e1n Italia t\u1ea1i Mexico n\u0103m 1992 v\u00e0 t\u1ea1i<\/p>\n<p>Buenos Aires v\u00e0o n\u0103m 1996. Sau khi tr\u1edf v\u1ec1 Roma, t\u1ea1i B\u1ed9 Ngo\u1ea1i giao, \u00f4ng l\u00e0m vi\u1ec7c t\u1ea1i T\u1ed5ng C\u1ee5c ch\u00e2u \u00c1, ph\u1ee5 tr\u00e1ch c\u00e1c v\u1ea5n \u0111\u1ec1 \u0111a ph\u01b0\u01a1ng c\u1ee7a ch\u00e2u \u00c1, v\u00e0 sau \u0111\u00f3 l\u00e0 tr\u01b0\u1edfng Ph\u00f2ng quan h\u1ec7 v\u1edbi c\u00e1c Qu\u1ed1c gia \u0110\u00f4ng Nam \u00c1.<\/p>\n<p>Sau m\u1ed9t th\u1eddi gian l\u00e0 Ch\u00e1nh v\u0103n ph\u00f2ng c\u1ee7a Qu\u1ed1c V\u1ee5 Khanh , t\u1eeb n\u0103m 2006 \u0111\u1ebfn 2010, \u00f4ng l\u00e0 Ph\u00f3 \u0110\u1ea1i s\u1ee9 t\u1ea1i \u0110\u1ea1i s\u1ee9 qu\u00e1n Italia t\u1ea1i B\u1eafc Kinh.<\/p>\n<p>Khi tr\u1edf v\u1ec1 B\u1ed9 Ngo\u1ea1i giao t\u1ea1i Rome, \u00f4ng c\u00f4ng t\u00e1c t\u1ea1i C\u1ee5c L\u1ec5 t\u00e2n Ngo\u1ea1i giao c\u1ee7a Nh\u00e0 n\u01b0\u1edbc C\u1ed9ng h\u00f2a, v\u00e0 sau \u0111\u00f3 l\u00e0 C\u1ee5c Ph\u00f3.<\/p>\n<p>\u00d4ng \u0111\u01b0\u1ee3c c\u1eed l\u00e0 \u0110\u1ea1i s\u1ee9 t\u1ea1i Seoul (v\u00e0 Pyongyang) t\u1eeb n\u0103m 2015 \u0111\u1ebfn 2019.<\/p>\n<p>Sau khi v\u1ec1 Rome, \u00f4ng l\u00e0 \u0110i\u1ec1u ph\u1ed1i vi\u00ean c\u00e1c v\u1ea5n \u0111\u1ec1 li\u00ean quan Lu\u1eadt Bi\u1ec3n t\u1ea1i ban Ph\u00e1p l\u00fd c\u1ee7a B\u1ed9 Ngo\u1ea1i giao.<\/p>\n<p>\u00d4ng \u0111\u01b0\u1ee3c c\u1eed l\u00e0 \u0110\u1ea1i s\u1ee9 n\u01b0\u1edbc C\u1ed9ng h\u00f2a X\u00e3 h\u1ed9i Ch\u1ee7 ngh\u0129a Vi\u1ec7t Nam b\u1eaft \u0111\u1ea7u t\u1eeb ng\u00e0y 7 th\u00e1ng 8 n\u0103m 2023.<\/p>\n<p>\u0110\u1ea1i s\u1ee9 Marco della Seta s\u1ed1ng \u0111\u1ed9c th\u00e2n, n\u00f3i gi\u1ecfi ti\u1ebfng Ph\u00e1p, Anh v\u00e0 ti\u1ebfng T\u00e2y Ban Nha.<\/p>\n<\/div>\n","protected":false},"excerpt":{"rendered":"Marco Della Seta \u0110\u1ea1i s\u1ee9 \u00d4ng sinh ng\u00e0y 6 th\u00e1ng 6 n\u0103m 1962 t\u1ea1i Milan. \u00d4ng h\u1ecdc chuy\u00ean ng\u00e0nh Quan h\u1ec7 Qu\u1ed1c t\u1ebf t\u1ea1i H\u1ecdc vi\u1ec7n Ch\u00ednh tr\u1ecb Paris ( The Institue d\u2019estudes politiques de Paris) v\u00e0 chuy\u00ean ng\u00e0nh Khoa h\u1ecdc Ch\u00ednh tr\u1ecb t\u1ea1i \u0110\u1ea1i h\u1ecdc Pavia. \u00d4ng b\u1eaft \u0111\u1ea7u l\u00e0m vi\u1ec7c t\u1ea1i B\u1ed9 ngo\u1ea1i [&hellip;]","protected":false},"author":4,"featured_media":0,"parent":201,"menu_order":2,"comment_status":"closed","ping_status":"closed","template":"","meta":{"footnotes":""},"class_list":["post-4385","page","type-page","status-publish","hentry"],"_links":{"self":[{"href":"https:\/\/ambhanoi.esteri.it\/vi\/wp-json\/wp\/v2\/pages\/4385","targetHints":{"allow":["GET"]}}],"collection":[{"href":"https:\/\/ambhanoi.esteri.it\/vi\/wp-json\/wp\/v2\/pages"}],"about":[{"href":"https:\/\/ambhanoi.esteri.it\/vi\/wp-json\/wp\/v2\/types\/page"}],"author":[{"embeddable":true,"href":"https:\/\/ambhanoi.esteri.it\/vi\/wp-json\/wp\/v2\/users\/4"}],"replies":[{"embeddable":true,"href":"https:\/\/ambhanoi.esteri.it\/vi\/wp-json\/wp\/v2\/comments?post=4385"}],"version-history":[{"count":2,"href":"https:\/\/ambhanoi.esteri.it\/vi\/wp-json\/wp\/v2\/pages\/4385\/revisions"}],"predecessor-version":[{"id":4393,"href":"https:\/\/ambhanoi.esteri.it\/vi\/wp-json\/wp\/v2\/pages\/4385\/revisions\/4393"}],"up":[{"embeddable":true,"href":"https:\/\/ambhanoi.esteri.it\/vi\/wp-json\/wp\/v2\/pages\/201"}],"wp:attachment":[{"href":"https:\/\/ambhanoi.esteri.it\/vi\/wp-json\/wp\/v2\/media?parent=4385"}],"curies":[{"name":"wp","href":"https:\/\/api.w.org\/{rel}","templated":true}]}}